{"id":670,"date":"2025-06-17T14:56:09","date_gmt":"2025-06-17T12:56:09","guid":{"rendered":"https:\/\/cptsruscino.fr\/?page_id=670"},"modified":"2026-04-09T11:15:14","modified_gmt":"2026-04-09T09:15:14","slug":"nos-evenements","status":"publish","type":"page","link":"https:\/\/cptsruscino.fr\/?page_id=670","title":{"rendered":"Nos \u00e9v\u00e9nements"},"content":{"rendered":"\n<h2 class=\"wp-block-heading\">\ud83c\udf89 Les \u00e9v\u00e9nements de la CPTS Ruscino<\/h2>\n\n\n\n<p>Tout au long de l\u2019ann\u00e9e, la CPTS Ruscino organise et soutient des \u00e9v\u00e9nements pour am\u00e9liorer la sant\u00e9 de la population, renforcer les liens entre professionnels de sant\u00e9 et sensibiliser le public \u00e0 des enjeux de sant\u00e9 majeurs.<\/p>\n\n\n\n<h3 class=\"wp-block-heading\">\ud83d\udcc5 Nos temps forts sur le territoire<\/h3>\n\n\n\n<p><strong>Forum sant\u00e9, campagnes de d\u00e9pistage, soir\u00e9es d&rsquo;information, ateliers grand public, formations pluriprofessionnelles\u2026<\/strong> Ces \u00e9v\u00e9nements ont lieu dans nos communes partenaires (Perpignan, Cabestany, Saleilles et Saint-Nazaire.) et sont ouverts \u00e0 tous.<\/p>\n\n\n\n<hr class=\"wp-block-separator has-alpha-channel-opacity\"\/>\n\n\n\n<h3 class=\"wp-block-heading\">\ud83d\udccc \u00c9v\u00e9nements \u00e0 venir<\/h3>\n\n\n\n<ul class=\"wp-block-list\">\n<li><strong>11 JUIN 2026 &#8211; 19h30 Parcours Insuffisance Cardiaque CPTS Ruscino &#8211; (inscription obligatoire via QR Code)<\/strong><\/li>\n<\/ul>\n\n\n<div class=\"wp-block-image\">\n<figure class=\"aligncenter size-large is-resized\"><img loading=\"lazy\" decoding=\"async\" width=\"1024\" height=\"1024\" src=\"https:\/\/cptsruscino.fr\/wp-content\/uploads\/2026\/04\/Copie-de-Invitation-5-1024x1024.png\" alt=\"\" class=\"wp-image-1028\" style=\"aspect-ratio:1;object-fit:cover;width:348px\" srcset=\"https:\/\/cptsruscino.fr\/wp-content\/uploads\/2026\/04\/Copie-de-Invitation-5-1024x1024.png 1024w, https:\/\/cptsruscino.fr\/wp-content\/uploads\/2026\/04\/Copie-de-Invitation-5-300x300.png 300w, https:\/\/cptsruscino.fr\/wp-content\/uploads\/2026\/04\/Copie-de-Invitation-5-150x150.png 150w, https:\/\/cptsruscino.fr\/wp-content\/uploads\/2026\/04\/Copie-de-Invitation-5-768x768.png 768w, https:\/\/cptsruscino.fr\/wp-content\/uploads\/2026\/04\/Copie-de-Invitation-5-1536x1536.png 1536w, https:\/\/cptsruscino.fr\/wp-content\/uploads\/2026\/04\/Copie-de-Invitation-5-1080x1080.png 1080w, https:\/\/cptsruscino.fr\/wp-content\/uploads\/2026\/04\/Copie-de-Invitation-5.png 1654w\" sizes=\"(max-width: 1024px) 100vw, 1024px\" \/><\/figure>\n<\/div>\n\n\n<ul class=\"wp-block-list\">\n<li><strong>16 AVRIL 2026 &#8211; 19h30 Soir\u00e9e Sant\u00e9 de la femme CPTS Ruscino &#8211; Recommandation et bonnes pratiques &#8211; Palpation mammaire et frottis (inscription obligatoire via QR Code)<\/strong><\/li>\n<\/ul>\n\n\n<div class=\"wp-block-image\">\n<figure class=\"aligncenter size-large is-resized\"><img loading=\"lazy\" decoding=\"async\" width=\"1024\" height=\"1024\" src=\"https:\/\/cptsruscino.fr\/wp-content\/uploads\/2026\/03\/Copie-de-Invitation-3-1024x1024.png\" alt=\"\" class=\"wp-image-1016\" style=\"aspect-ratio:1;object-fit:cover;width:348px\" srcset=\"https:\/\/cptsruscino.fr\/wp-content\/uploads\/2026\/03\/Copie-de-Invitation-3-1024x1024.png 1024w, https:\/\/cptsruscino.fr\/wp-content\/uploads\/2026\/03\/Copie-de-Invitation-3-300x300.png 300w, https:\/\/cptsruscino.fr\/wp-content\/uploads\/2026\/03\/Copie-de-Invitation-3-150x150.png 150w, https:\/\/cptsruscino.fr\/wp-content\/uploads\/2026\/03\/Copie-de-Invitation-3-768x768.png 768w, https:\/\/cptsruscino.fr\/wp-content\/uploads\/2026\/03\/Copie-de-Invitation-3-1536x1536.png 1536w, https:\/\/cptsruscino.fr\/wp-content\/uploads\/2026\/03\/Copie-de-Invitation-3-1080x1080.png 1080w, https:\/\/cptsruscino.fr\/wp-content\/uploads\/2026\/03\/Copie-de-Invitation-3.png 1654w\" sizes=\"(max-width: 1024px) 100vw, 1024px\" \/><\/figure>\n<\/div>\n\n\n<ul class=\"wp-block-list\">\n<li><strong>26 MARS 2026 &#8211; 20h Soir\u00e9e \u00e9change Sant\u00e9 CPTS Ruscino &#8211; organis\u00e9 par M. OUDE ENGBERINK Mark (inscription obligatoire via QR Code)<\/strong><\/li>\n<\/ul>\n\n\n<div class=\"wp-block-image\">\n<figure class=\"aligncenter size-large is-resized\"><img loading=\"lazy\" decoding=\"async\" width=\"1024\" height=\"1024\" src=\"https:\/\/cptsruscino.fr\/wp-content\/uploads\/2026\/01\/Invitation-Jeudi-26-mars-2026-1024x1024.png\" alt=\"\" class=\"wp-image-915\" style=\"width:348px;height:auto\" srcset=\"https:\/\/cptsruscino.fr\/wp-content\/uploads\/2026\/01\/Invitation-Jeudi-26-mars-2026-1024x1024.png 1024w, https:\/\/cptsruscino.fr\/wp-content\/uploads\/2026\/01\/Invitation-Jeudi-26-mars-2026-300x300.png 300w, https:\/\/cptsruscino.fr\/wp-content\/uploads\/2026\/01\/Invitation-Jeudi-26-mars-2026-150x150.png 150w, https:\/\/cptsruscino.fr\/wp-content\/uploads\/2026\/01\/Invitation-Jeudi-26-mars-2026-768x768.png 768w, https:\/\/cptsruscino.fr\/wp-content\/uploads\/2026\/01\/Invitation-Jeudi-26-mars-2026-1536x1536.png 1536w, https:\/\/cptsruscino.fr\/wp-content\/uploads\/2026\/01\/Invitation-Jeudi-26-mars-2026-1080x1080.png 1080w, https:\/\/cptsruscino.fr\/wp-content\/uploads\/2026\/01\/Invitation-Jeudi-26-mars-2026.png 1654w\" sizes=\"(max-width: 1024px) 100vw, 1024px\" \/><\/figure>\n<\/div>\n\n\n<ul class=\"wp-block-list\">\n<li><strong>JEUDI 12 FEVRIER 2026 &#8211; 12h30-14h Groupe de travail Parcours Sant\u00e9 Mentale anim\u00e9 par M. MARELLI Yve<\/strong>s (inscription obligatoire via Plexus)<\/li>\n\n\n\n<li><strong>20 JANVIER 2026 &#8211; 12h30-14h GROUPE DE TRAVAIL SUR LE THEME DE LA SANTE DE LA FEMME anim\u00e9 par M. BOSCH Julie et Dr. CATALA St\u00e9phanie<\/strong> (inscription obligatoire via Plexus)<\/li>\n\n\n\n<li><strong>16 JANVIER 2026 &#8211; 12h30 &#8211; 14h GROUPE DE TRAVAIL NOUVEAUX METIERS, DELEGATION DE TACHES: Comment mieux travailler ensemble? &#8211; anim\u00e9 par M. OUDE ENGBERINK Mark<\/strong> (inscription obligatoire via Plexus)<\/li>\n\n\n\n<li><strong>VENDREDI 30 JANVIER 2025 &#8211; 12H30-14h Groupe de travail Sensibilisation de la population \u00e0 la Sant\u00e9 Sexuelle anim\u00e9 par M. DELON St\u00e9phane<\/strong> (inscription obligatoire via Plexus)<\/li>\n\n\n\n<li><strong>JEUDI 22 JANVIER 2025 &#8211; 12h30-14h GALETTE DE LA CPTS RUSCINO anim\u00e9 par M. MASURIER C\u00e9dric<\/strong> (inscription obligatoire via Plexus)<\/li>\n\n\n\n<li><strong>MARDI 9 DECEMBRE 2025 &#8211; 20h-22h ASSEMBLEE GENERALE DE L&rsquo;ASSOCIATION CPTS RUSCINO anime par M. OUDE ENGBERINK Mark<\/strong> (uniquement ouvert aux membres de l&rsquo;Association)<\/li>\n\n\n\n<li><strong>MARDI 9 DECEMBRE 2025 &#8211; 9h-12h PHARMATOURS \u00e0 Saleilles organis\u00e9 par M. DELON St\u00e9phane, M. MARELLI Yves et M. OUDE ENGBERINK Mark<\/strong><\/li>\n\n\n\n<li><strong>SAMEDI 4 OCTOBRE 2025 &#8211; 10h \u00e0 16h S&rsquo;unir pour mieux vous soutenir. <\/strong>Nous participons au Forum qui se d\u00e9roule Place de la Loge &#8211; Perpignan.<\/li>\n<\/ul>\n\n\n\n\n\n<p><\/p>\n\n\n\n<ul class=\"wp-block-list\">\n<li><strong>VENDREDI 5 SEPTEMBRE 2025 &#8211; 13h-14h Formation de l&rsquo;outil de coordination PLEXUS en visioconf\u00e9rence. <\/strong>Nous vous proposons une session de formation en visioconf\u00e9rence pour d\u00e9couvrir ou red\u00e9couvrir l\u2019outil PLEXUS, au service de la coordination des professionnels de sant\u00e9.<\/li>\n\n\n\n<li><strong>MARDI 17 JUIN 2025<\/strong> &#8211; <strong>Action de sensibilisation \u00ab\u00a0rep\u00e9rage des signes de d\u00e9compensation comportementale de la personne \u00e2g\u00e9e\u00a0\u00bb &#8211; <\/strong>Mardi 17 juin de 14h \u00e0 16h &#8211; Mairie de quartier Sud, Place de la Sardane \u00e0 Perpignan (Moulin \u00e0 Vent) <br>\ud83d\udc49 C<em>ette action, \u00e0 destination des professionnels des SSIAD et des SAD, vise \u00e0 renforcer le rep\u00e9rage pr\u00e9coce des signes de d\u00e9compensation comportementale chez les personnes \u00e2g\u00e9es accompagn\u00e9es \u00e0 domicile. \u00c0 partir de situations concr\u00e8tes, elle propose des outils simples pour mieux identifier les changements inhabituels (agitation, repli, confusion, perte de rep\u00e8res\u2026) et am\u00e9liorer la transmission des informations aux \u00e9quipes de coordination et aux professionnels de sant\u00e9. L\u2019objectif : pr\u00e9venir les situations de crise, favoriser une prise en charge adapt\u00e9e et contribuer au maintien \u00e0 domicile dans de bonnes conditions.<\/em><\/li>\n\n\n\n<li><strong>JEUDI 26 JUIN 2025 &#8211; Webinaire \u00ab\u00a0MRC : le diagnostic pr\u00e9coce qui change tout\u00a0\u00bb <\/strong> <em>Jeudi 26 juin 2025 \u00e0 13h &#8211; <a href=\"https:\/\/app.livestorm.co\/medilab\/mrc-le-diagnostic-precoce-qui-change-tout\">cliquez ici pour vous inscrire<\/a><\/em><br>\ud83d\udc49 <em>Ce webinaire s\u2019adresse en priorit\u00e9 aux <strong>m\u00e9decins g\u00e9n\u00e9ralistes, sp\u00e9cialistes et biologistes des Pyr\u00e9n\u00e9es-Orientales (66) et de l\u2019Aude (11)<\/strong>, souhaitant renforcer leurs comp\u00e9tences sur le diagnostic et la coordination autour de la MRC.<\/em><\/li>\n\n\n\n<li><strong>MARDI 7 AVRIL &#8211; Forum Sant\u00e9 Ruscino<\/strong> \u2013 7 <em>Avril 2026 (lieu et date \u00e0 pr\u00e9ciser)<\/em><br>\ud83d\udc49 Un temps fort territorial pour favoriser les rencontres entre professionnels de sant\u00e9, institutions et usagers. Ce forum propose des conf\u00e9rences, ateliers et temps d\u2019\u00e9change autour de la pr\u00e9vention, de la coordination des soins et des innovations en sant\u00e9 de proximit\u00e9.<\/li>\n<\/ul>\n\n\n\n<p><\/p>\n","protected":false},"excerpt":{"rendered":"<p>\ud83c\udf89 Les \u00e9v\u00e9nements de la CPTS Ruscino Tout au long de l\u2019ann\u00e9e, la CPTS Ruscino organise et soutient des \u00e9v\u00e9nements pour am\u00e9liorer la sant\u00e9 de la population, renforcer les liens entre professionnels de sant\u00e9 et sensibiliser le public \u00e0 des enjeux de sant\u00e9 majeurs. \ud83d\udcc5 Nos temps forts sur le territoire Forum sant\u00e9, campagnes de [&hellip;]<\/p>\n","protected":false},"author":1,"featured_media":0,"parent":0,"menu_order":0,"comment_status":"closed","ping_status":"closed","template":"","meta":{"saved_in_kubio":true,"footnotes":""},"class_list":["post-670","page","type-page","status-publish","hentry"],"kubio_ai_page_context":{"short_desc":"","purpose":"general"},"_links":{"self":[{"href":"https:\/\/cptsruscino.fr\/index.php?rest_route=\/wp\/v2\/pages\/670","targetHints":{"allow":["GET"]}}],"collection":[{"href":"https:\/\/cptsruscino.fr\/index.php?rest_route=\/wp\/v2\/pages"}],"about":[{"href":"https:\/\/cptsruscino.fr\/index.php?rest_route=\/wp\/v2\/types\/page"}],"author":[{"embeddable":true,"href":"https:\/\/cptsruscino.fr\/index.php?rest_route=\/wp\/v2\/users\/1"}],"replies":[{"embeddable":true,"href":"https:\/\/cptsruscino.fr\/index.php?rest_route=%2Fwp%2Fv2%2Fcomments&post=670"}],"version-history":[{"count":11,"href":"https:\/\/cptsruscino.fr\/index.php?rest_route=\/wp\/v2\/pages\/670\/revisions"}],"predecessor-version":[{"id":1029,"href":"https:\/\/cptsruscino.fr\/index.php?rest_route=\/wp\/v2\/pages\/670\/revisions\/1029"}],"wp:attachment":[{"href":"https:\/\/cptsruscino.fr\/index.php?rest_route=%2Fwp%2Fv2%2Fmedia&parent=670"}],"curies":[{"name":"wp","href":"https:\/\/api.w.org\/{rel}","templated":true}]}}