{"id":687,"date":"2025-06-26T13:15:09","date_gmt":"2025-06-26T11:15:09","guid":{"rendered":"https:\/\/cptsruscino.fr\/?page_id=687"},"modified":"2026-01-23T08:00:22","modified_gmt":"2026-01-23T07:00:22","slug":"equipe-de-coordination","status":"publish","type":"page","link":"https:\/\/cptsruscino.fr\/?page_id=687","title":{"rendered":"Equipe de coordination"},"content":{"rendered":"\n<figure class=\"wp-block-image size-large\"><img loading=\"lazy\" decoding=\"async\" width=\"1024\" height=\"768\" src=\"https:\/\/cptsruscino.fr\/wp-content\/uploads\/2026\/01\/equipe-coordination-1024x768.jpeg\" alt=\"\" class=\"wp-image-869\" style=\"aspect-ratio:16\/9;object-fit:cover\" srcset=\"https:\/\/cptsruscino.fr\/wp-content\/uploads\/2026\/01\/equipe-coordination-1024x768.jpeg 1024w, https:\/\/cptsruscino.fr\/wp-content\/uploads\/2026\/01\/equipe-coordination-300x225.jpeg 300w, https:\/\/cptsruscino.fr\/wp-content\/uploads\/2026\/01\/equipe-coordination-768x576.jpeg 768w, https:\/\/cptsruscino.fr\/wp-content\/uploads\/2026\/01\/equipe-coordination-1536x1152.jpeg 1536w, https:\/\/cptsruscino.fr\/wp-content\/uploads\/2026\/01\/equipe-coordination-1440x1080.jpeg 1440w, https:\/\/cptsruscino.fr\/wp-content\/uploads\/2026\/01\/equipe-coordination.jpeg 1600w\" sizes=\"(max-width: 1024px) 100vw, 1024px\" \/><\/figure>\n\n\n\n<h3 class=\"wp-block-heading\">Une \u00e9quipe de coordination au service du territoire<\/h3>\n\n\n\n<p>Pour r\u00e9pondre aux enjeux de sant\u00e9 de notre territoire, la CPTS Ruscino s\u2019appuie sur une <strong>\u00e9quipe de coordination<\/strong>, compos\u00e9e de quatre professionnels aux missions compl\u00e9mentaires\u202f:<\/p>\n\n\n\n<p>\ud83d\udd39 <strong>Le directeur de la CPTS<\/strong> &#8211; M. Mark OUDE ENGBERINK &#8211; Responsable de la coordination g\u00e9n\u00e9rale, de la strat\u00e9gie, des partenariats et de la repr\u00e9sentation institutionnelle. Il assure \u00e9galement le dialogue de gestion avec l\u2019ARS et la CPAM dans le cadre de l\u2019ACI.<\/p>\n\n\n\n<p>\ud83d\udd39 <strong>Le coordonnateur \u00ab\u00a0Parcours de sant\u00e9 et Missions transversales\u00a0\u00bb<\/strong> &#8211; M. Yves MARELLI &#8211; Responsable du d\u00e9veloppement et de la fluidification des parcours de sant\u00e9, en int\u00e9grant des actions cibl\u00e9es dans les prises en charge coordonn\u00e9es.<\/p>\n\n\n\n<p>\ud83d\udd39 <strong>Le coordonnateur \u00ab\u00a0Sant\u00e9 Publique, Pr\u00e9vention et Missions transversales\u00a0\u00bb<\/strong> &#8211; M. St\u00e9phane DELON &#8211; Responsable du pilotage des actions de pr\u00e9vention, de promotion de la sant\u00e9 et de sensibilisation sur le territoire, en lien avec les priorit\u00e9s de sant\u00e9 publique.<\/p>\n\n\n\n<p>\ud83d\udd39 <strong>Le coordonnateur \u00a0\u00bb Finances, D\u00e9marche qualit\u00e9, Administration et Missions transversales\u00a0\u00bb<\/strong> &#8211; M. C\u00e9dric MASURIER &#8211; Charg\u00e9 de la gestion financi\u00e8re, administrative et qualitative de l\u2019association. Il soutient \u00e9galement l\u2019organisation interne et la structuration des proc\u00e9dures.<\/p>\n\n\n\n<p>Ces postes sont pens\u00e9s de mani\u00e8re <strong>compl\u00e9mentaire<\/strong>, avec une r\u00e9partition claire des responsabilit\u00e9s mais aussi des <strong>zones de coop\u00e9ration transversale<\/strong>, indispensables pour faire vivre un projet commun et agile. Ensemble, ils forment le socle op\u00e9rationnel qui permet \u00e0 la CPTS Ruscino de r\u00e9pondre efficacement aux besoins des professionnels de sant\u00e9 et de la population.<\/p>\n\n\n\n<figure class=\"wp-block-image size-large\"><img loading=\"lazy\" decoding=\"async\" width=\"1024\" height=\"549\" src=\"https:\/\/cptsruscino.fr\/wp-content\/uploads\/2025\/06\/image-1-1024x549.png\" alt=\"\" class=\"wp-image-688\" srcset=\"https:\/\/cptsruscino.fr\/wp-content\/uploads\/2025\/06\/image-1-1024x549.png 1024w, https:\/\/cptsruscino.fr\/wp-content\/uploads\/2025\/06\/image-1-300x161.png 300w, https:\/\/cptsruscino.fr\/wp-content\/uploads\/2025\/06\/image-1-768x412.png 768w, https:\/\/cptsruscino.fr\/wp-content\/uploads\/2025\/06\/image-1.png 1364w\" sizes=\"(max-width: 1024px) 100vw, 1024px\" \/><\/figure>\n","protected":false},"excerpt":{"rendered":"<p>Une \u00e9quipe de coordination au service du territoire Pour r\u00e9pondre aux enjeux de sant\u00e9 de notre territoire, la CPTS Ruscino s\u2019appuie sur une \u00e9quipe de coordination, compos\u00e9e de quatre professionnels aux missions compl\u00e9mentaires\u202f: \ud83d\udd39 Le directeur de la CPTS &#8211; M. Mark OUDE ENGBERINK &#8211; Responsable de la coordination g\u00e9n\u00e9rale, de la strat\u00e9gie, des partenariats [&hellip;]<\/p>\n","protected":false},"author":1,"featured_media":0,"parent":0,"menu_order":0,"comment_status":"closed","ping_status":"closed","template":"","meta":{"saved_in_kubio":true,"footnotes":""},"class_list":["post-687","page","type-page","status-publish","hentry"],"kubio_ai_page_context":{"short_desc":"","purpose":"general"},"_links":{"self":[{"href":"https:\/\/cptsruscino.fr\/index.php?rest_route=\/wp\/v2\/pages\/687","targetHints":{"allow":["GET"]}}],"collection":[{"href":"https:\/\/cptsruscino.fr\/index.php?rest_route=\/wp\/v2\/pages"}],"about":[{"href":"https:\/\/cptsruscino.fr\/index.php?rest_route=\/wp\/v2\/types\/page"}],"author":[{"embeddable":true,"href":"https:\/\/cptsruscino.fr\/index.php?rest_route=\/wp\/v2\/users\/1"}],"replies":[{"embeddable":true,"href":"https:\/\/cptsruscino.fr\/index.php?rest_route=%2Fwp%2Fv2%2Fcomments&post=687"}],"version-history":[{"count":8,"href":"https:\/\/cptsruscino.fr\/index.php?rest_route=\/wp\/v2\/pages\/687\/revisions"}],"predecessor-version":[{"id":870,"href":"https:\/\/cptsruscino.fr\/index.php?rest_route=\/wp\/v2\/pages\/687\/revisions\/870"}],"wp:attachment":[{"href":"https:\/\/cptsruscino.fr\/index.php?rest_route=%2Fwp%2Fv2%2Fmedia&parent=687"}],"curies":[{"name":"wp","href":"https:\/\/api.w.org\/{rel}","templated":true}]}}